{"id":7740,"date":"2022-11-22T10:19:16","date_gmt":"2022-11-22T09:19:16","guid":{"rendered":"https:\/\/ikoninformatika.hu\/?page_id=7740"},"modified":"2026-04-07T14:56:51","modified_gmt":"2026-04-07T13:56:51","slug":"apple-akademia","status":"publish","type":"page","link":"https:\/\/ikoninformatika.hu\/en\/apple-akademia\/","title":{"rendered":"Apple akad\u00e9mia"},"content":{"rendered":"<div id=\"fws_69f1f75d2e42f\"  data-column-margin=\"default\" data-midnight=\"dark\"  class=\"wpb_row vc_row-fluid vc_row full-width-section\"  style=\"padding-top: 50px; padding-bottom: 20px; \"><div class=\"row-bg-wrap\" data-bg-animation=\"none\" data-bg-overlay=\"false\"><div class=\"inner-wrap\"><div class=\"row-bg\"  style=\"\"><\/div><\/div><\/div><div class=\"row_col_wrap_12 col span_12 dark left\">\n\t<div  class=\"vc_col-sm-12 wpb_column column_container vc_column_container col no-extra-padding inherit_tablet inherit_phone\"  data-padding-pos=\"all\" data-has-bg-color=\"false\" data-bg-color=\"\" data-bg-opacity=\"1\" data-animation=\"\" data-delay=\"0\" >\n\t\t<div class=\"vc_column-inner\" >\n\t\t\t<div class=\"wpb_wrapper\">\n\t\t\t\t\n\t\t\t<\/div> \n\t\t<\/div>\n\t<\/div> \n<\/div><\/div>\r\n\t\t<div id=\"fws_69f1f75d2ebad\"  data-column-margin=\"default\" data-midnight=\"dark\"  class=\"wpb_row vc_row-fluid vc_row full-width-section\"  style=\"padding-top: 0px; padding-bottom: 0px; \"><div class=\"row-bg-wrap\" data-bg-animation=\"none\" data-bg-overlay=\"false\"><div class=\"inner-wrap\"><div class=\"row-bg\"  style=\"\"><\/div><\/div><\/div><div class=\"row_col_wrap_12 col span_12 dark left\">\n\t<div  class=\"vc_col-sm-9 wpb_column column_container vc_column_container col no-extra-padding inherit_tablet inherit_phone\"  data-padding-pos=\"all\" data-has-bg-color=\"false\" data-bg-color=\"\" data-bg-opacity=\"1\" data-animation=\"\" data-delay=\"0\" >\n\t\t<div class=\"vc_column-inner\" >\n\t\t\t<div class=\"wpb_wrapper\">\n\t\t\t\t\r\n<div class=\"wpb_text_column wpb_content_element\" >\r\n\t<div class=\"wpb_wrapper\">\r\n\t\t<h2>Blogposztok<\/h2>\n\t<\/div>\r\n<\/div>\r\n\r\n\r\n\r\n<div class=\"divider-wrap\" data-alignment=\"default\"><div style=\"margin-top: 12.5px; width: 20%px; height: 1px; margin-bottom: 12.5px;\" data-width=\"20%\" data-animate=\"\" data-animation-delay=\"\" data-color=\"default\" class=\"divider-small-border\"><\/div><\/div>\r\n<div class=\"row\">\r\n\r\n <div class=\"post-area col featured_img_left span_12 col_last    infinite_scroll\" data-ams=\"\" data-remove-post-date=\"\" data-remove-post-author=\"\" data-remove-post-comment-number=\"\" data-remove-post-nectar-love=\"\"> <div class=\"posts-container\" data-load-animation=\"none\">     \r\n     \r\n<article id=\"post-10150\" class=\"post-10150 post type-post status-publish format-standard has-post-thumbnail category-apple tag-apple tag-mac tag-macbook tag-macbook-neo\">  \r\n  <div class=\"inner-wrap animated\">\r\n    <div class=\"post-content\">\r\n      <div class=\"article-content-wrap\">\r\n        <div class=\"post-featured-img-wrap\">\r\n          <a href=\"https:\/\/ikoninformatika.hu\/en\/macbook-neo-a-laptop-amitol-meg-a-cfo-is-mosolyog-es-az-it-vegre-fellelegezhet\/\" aria-label=\"MacBook Neo: the laptop that makes CFOs smile (and lets IT finally breathe again)\"><span class=\"post-featured-img\" data-nectar-img-src=\"https:\/\/ikoninformatika.hu\/wp-content\/uploads\/2026\/03\/Op2_MacBook_Neo_Hero_Horizontal_Touch_ID_Screen__WWEN-900x600.jpeg\"><\/span><\/a>          \r\n        <\/div>\r\n        <div class=\"post-content-wrap\">\r\n          <a class=\"entire-meta-link\" href=\"https:\/\/ikoninformatika.hu\/en\/macbook-neo-a-laptop-amitol-meg-a-cfo-is-mosolyog-es-az-it-vegre-fellelegezhet\/\" aria-label=\"MacBook Neo: the laptop that makes CFOs smile (and lets IT finally breathe again)\"><\/a>\r\n          <span class=\"meta-category\"><a class=\"apple\" href=\"https:\/\/ikoninformatika.hu\/en\/category\/apple\/\">Apple B2B Solutions<\/a><\/span>          \r\n          <div class=\"post-header\">\r\n            <h3 class=\"title\"><a href=\"https:\/\/ikoninformatika.hu\/en\/macbook-neo-a-laptop-amitol-meg-a-cfo-is-mosolyog-es-az-it-vegre-fellelegezhet\/\"> MacBook Neo: the laptop that makes CFOs smile (and lets IT finally breathe again)<\/a><\/h3>\r\n          <\/div>\r\n          \r\n          <div class=\"excerpt\">Kezdj\u00fck egy&nbsp;szem\u00e9lyes megfigyel\u00e9ssel: a v\u00e1llalati laptopstrat\u00e9gia sok helyen egyszer\u0171en nem m\u0171k\u00f6dik j\u00f3l. T\u00fal dr\u00e1ga. T\u00fal&hellip;<\/div><div class=\"grav-wrap\"><a href=\"https:\/\/ikoninformatika.hu\/en\/author\/gabi\/\"><img alt='Ruff Gabriella' src='https:\/\/ikoninformatika.hu\/wp-content\/litespeed\/avatar\/e4069478427cf95c49ebf0650fb8dd30.jpg?ver=1777465089' srcset='https:\/\/ikoninformatika.hu\/wp-content\/litespeed\/avatar\/375cd539535c34f53b8fef0866974b9a.jpg?ver=1777465089 2x' class='avatar avatar-70 photo' height='70' width='70' \/><\/a><div class=\"text\"><a href=\"https:\/\/ikoninformatika.hu\/en\/author\/gabi\/\" rel=\"author\">Ruff Gabriella<\/a><span>2026-04-21<\/span><\/div><\/div>        <\/div>\r\n      <\/div>\r\n    <\/div>\r\n  <\/div>\r\n<\/article>     \r\n     \r\n<article id=\"post-10131\" class=\"post-10131 post type-post status-publish format-standard has-post-thumbnail category-erp tag-enterprise-resource-planning tag-erp tag-ikon-erp tag-palyazat tag-vallalatiranyitasi-rendszer\">  \r\n  <div class=\"inner-wrap animated\">\r\n    <div class=\"post-content\">\r\n      <div class=\"article-content-wrap\">\r\n        <div class=\"post-featured-img-wrap\">\r\n          <a href=\"https:\/\/ikoninformatika.hu\/en\/ujra-tervezes-gyorsabb-utvonalat-talaltunk\/\" aria-label=\"\u00dajra tervez\u00e9s &#8211; gyorsabb \u00fatvonalat tal\u00e1ltunk!\"><span class=\"post-featured-img\" data-nectar-img-src=\"https:\/\/ikoninformatika.hu\/wp-content\/uploads\/2026\/03\/Designer-7-dark2-1-900x600.png\"><\/span><\/a>          \r\n        <\/div>\r\n        <div class=\"post-content-wrap\">\r\n          <a class=\"entire-meta-link\" href=\"https:\/\/ikoninformatika.hu\/en\/ujra-tervezes-gyorsabb-utvonalat-talaltunk\/\" aria-label=\"\u00dajra tervez\u00e9s &#8211; gyorsabb \u00fatvonalat tal\u00e1ltunk!\"><\/a>\r\n          <span class=\"meta-category\"><a class=\"erp\" href=\"https:\/\/ikoninformatika.hu\/en\/category\/erp\/\">ERP rendszerek<\/a><\/span>          \r\n          <div class=\"post-header\">\r\n            <h3 class=\"title\"><a href=\"https:\/\/ikoninformatika.hu\/en\/ujra-tervezes-gyorsabb-utvonalat-talaltunk\/\"> Replanning \u2013 we\u2019ve found a faster route!<\/a><\/h3>\r\n          <\/div>\r\n          \r\n          <div class=\"excerpt\">2026-ban is t\u00f6bb olyan p\u00e1ly\u00e1zati \u00e9s finansz\u00edroz\u00e1si program \u00e9rhet\u0151 el, amelyek c\u00e9lja a hazai v\u00e1llalkoz\u00e1sok&hellip;<\/div><div class=\"grav-wrap\"><a href=\"https:\/\/ikoninformatika.hu\/en\/author\/milan\/\"><img alt='Sz\u0171cs Mil\u00e1n' src='https:\/\/ikoninformatika.hu\/wp-content\/litespeed\/avatar\/b4799b849f9b70c97edb0c4b45ca949f.jpg?ver=1776895803' srcset='https:\/\/ikoninformatika.hu\/wp-content\/litespeed\/avatar\/52644669b2dd0eb9afee6544a29da238.jpg?ver=1776895803 2x' class='avatar avatar-70 photo' height='70' width='70' \/><\/a><div class=\"text\"><a href=\"https:\/\/ikoninformatika.hu\/en\/author\/milan\/\" rel=\"author\">Mil\u00e1n Sz\u0171cs<\/a><span>2026-03-30<\/span><\/div><\/div>        <\/div>\r\n      <\/div>\r\n    <\/div>\r\n  <\/div>\r\n<\/article>     \r\n     \r\n<article id=\"post-10079\" class=\"post-10079 post type-post status-publish format-standard has-post-thumbnail category-apple tag-apple tag-ipad tag-iphone tag-mac tag-macbook\">  \r\n  <div class=\"inner-wrap animated\">\r\n    <div class=\"post-content\">\r\n      <div class=\"article-content-wrap\">\r\n        <div class=\"post-featured-img-wrap\">\r\n          <a href=\"https:\/\/ikoninformatika.hu\/en\/felemeloen-eros-uj-macek-megeros-iphone-17e-es-a-sikerre-itelt-neo\/\" aria-label=\"Destined for success: value-packed iPhone 17e and the Neo\"><span class=\"post-featured-img\" data-nectar-img-src=\"https:\/\/ikoninformatika.hu\/wp-content\/uploads\/2026\/03\/Multi-Product_MacBook_Neo_iPad_A16_Apple_Watch_SE_3_iPhone_17e_AirPods_4_Screen__GREY-900x600.png\"><\/span><\/a>          \r\n        <\/div>\r\n        <div class=\"post-content-wrap\">\r\n          <a class=\"entire-meta-link\" href=\"https:\/\/ikoninformatika.hu\/en\/felemeloen-eros-uj-macek-megeros-iphone-17e-es-a-sikerre-itelt-neo\/\" aria-label=\"Destined for success: value-packed iPhone 17e and the Neo\"><\/a>\r\n          <span class=\"meta-category\"><a class=\"apple\" href=\"https:\/\/ikoninformatika.hu\/en\/category\/apple\/\">Apple B2B Solutions<\/a><\/span>          \r\n          <div class=\"post-header\">\r\n            <h3 class=\"title\"><a href=\"https:\/\/ikoninformatika.hu\/en\/felemeloen-eros-uj-macek-megeros-iphone-17e-es-a-sikerre-itelt-neo\/\"> Destined for success: value-packed iPhone 17e and the Neo<\/a><\/h3>\r\n          <\/div>\r\n          \r\n          <div class=\"excerpt\">Az Apple ezen a h\u00e9ten ism\u00e9t megmutatta, hogy a j\u00f3l id\u0151z\u00edtett, okosan finomhangolt term\u00e9kfriss\u00edt\u00e9sek legal\u00e1bb&hellip;<\/div><div class=\"grav-wrap\"><a href=\"https:\/\/ikoninformatika.hu\/en\/author\/gabi\/\"><img alt='Ruff Gabriella' src='https:\/\/ikoninformatika.hu\/wp-content\/litespeed\/avatar\/e4069478427cf95c49ebf0650fb8dd30.jpg?ver=1777465089' srcset='https:\/\/ikoninformatika.hu\/wp-content\/litespeed\/avatar\/375cd539535c34f53b8fef0866974b9a.jpg?ver=1777465089 2x' class='avatar avatar-70 photo' height='70' width='70' \/><\/a><div class=\"text\"><a href=\"https:\/\/ikoninformatika.hu\/en\/author\/gabi\/\" rel=\"author\">Ruff Gabriella<\/a><span>2026-03-05<\/span><\/div><\/div>        <\/div>\r\n      <\/div>\r\n    <\/div>\r\n  <\/div>\r\n<\/article>     \r\n     \r\n<article id=\"post-10071\" class=\"post-10071 post type-post status-publish format-standard has-post-thumbnail category-erp category-uncategorized tag-enterprise-resource-planning tag-ikon-erp tag-vallalatiranyitasi-rendszer\">  \r\n  <div class=\"inner-wrap animated\">\r\n    <div class=\"post-content\">\r\n      <div class=\"article-content-wrap\">\r\n        <div class=\"post-featured-img-wrap\">\r\n          <a href=\"https:\/\/ikoninformatika.hu\/en\/erp-tarskereses-kkv-knak-hogyan-talald-meg-az-igazit-a-cegednek\/\" aria-label=\"ERP Dating for SMEs: Finding \u201cThe One\u201d for Your Business\"><span class=\"post-featured-img\" data-nectar-img-src=\"https:\/\/ikoninformatika.hu\/wp-content\/uploads\/2026\/02\/ERP-900x600.jpg\"><\/span><\/a>          \r\n        <\/div>\r\n        <div class=\"post-content-wrap\">\r\n          <a class=\"entire-meta-link\" href=\"https:\/\/ikoninformatika.hu\/en\/erp-tarskereses-kkv-knak-hogyan-talald-meg-az-igazit-a-cegednek\/\" aria-label=\"ERP Dating for SMEs: Finding \u201cThe One\u201d for Your Business\"><\/a>\r\n          <span class=\"meta-category\"><a class=\"erp\" href=\"https:\/\/ikoninformatika.hu\/en\/category\/erp\/\">ERP rendszerek<\/a><a class=\"uncategorized\" href=\"https:\/\/ikoninformatika.hu\/en\/category\/uncategorized\/\">Uncategorized<\/a><\/span>          \r\n          <div class=\"post-header\">\r\n            <h3 class=\"title\"><a href=\"https:\/\/ikoninformatika.hu\/en\/erp-tarskereses-kkv-knak-hogyan-talald-meg-az-igazit-a-cegednek\/\"> ERP Dating for SMEs: Finding \u201cThe One\u201d for Your Business<\/a><\/h3>\r\n          <\/div>\r\n          \r\n          <div class=\"excerpt\">Az ERP (Enterprise Resource Planning) rendszer kiv\u00e1laszt\u00e1sa egy kis- \u00e9s k\u00f6z\u00e9pv\u00e1llalkoz\u00e1s \u00e9let\u00e9ben olyan, mint egy&hellip;<\/div><div class=\"grav-wrap\"><a href=\"https:\/\/ikoninformatika.hu\/en\/author\/gabi\/\"><img alt='Ruff Gabriella' src='https:\/\/ikoninformatika.hu\/wp-content\/litespeed\/avatar\/e4069478427cf95c49ebf0650fb8dd30.jpg?ver=1777465089' srcset='https:\/\/ikoninformatika.hu\/wp-content\/litespeed\/avatar\/375cd539535c34f53b8fef0866974b9a.jpg?ver=1777465089 2x' class='avatar avatar-70 photo' height='70' width='70' \/><\/a><div class=\"text\"><a href=\"https:\/\/ikoninformatika.hu\/en\/author\/gabi\/\" rel=\"author\">Ruff Gabriella<\/a><span>2026-02-13<\/span><\/div><\/div>        <\/div>\r\n      <\/div>\r\n    <\/div>\r\n  <\/div>\r\n<\/article>     \r\n     \r\n<article id=\"post-10059\" class=\"post-10059 post type-post status-publish format-standard has-post-thumbnail category-uncategorized\">  \r\n  <div class=\"inner-wrap animated\">\r\n    <div class=\"post-content\">\r\n      <div class=\"article-content-wrap\">\r\n        <div class=\"post-featured-img-wrap\">\r\n          <a href=\"https:\/\/ikoninformatika.hu\/en\/egy-erp-bevezetes-megterulese-mikor-es-hogyan-hoz-valodi-hasznot\/\" aria-label=\"Egy ERP-bevezet\u00e9s megt\u00e9r\u00fcl\u00e9se &#8211; Mikor \u00e9s hogyan hoz val\u00f3di hasznot?\"><span class=\"post-featured-img\" data-nectar-img-src=\"https:\/\/ikoninformatika.hu\/wp-content\/uploads\/2026\/01\/business-concepts-two-men-are-consulting-a-busines-PK3YZUA_1-1-900x600.jpg\"><\/span><\/a>          \r\n        <\/div>\r\n        <div class=\"post-content-wrap\">\r\n          <a class=\"entire-meta-link\" href=\"https:\/\/ikoninformatika.hu\/en\/egy-erp-bevezetes-megterulese-mikor-es-hogyan-hoz-valodi-hasznot\/\" aria-label=\"Egy ERP-bevezet\u00e9s megt\u00e9r\u00fcl\u00e9se &#8211; Mikor \u00e9s hogyan hoz val\u00f3di hasznot?\"><\/a>\r\n          <span class=\"meta-category\"><a class=\"uncategorized\" href=\"https:\/\/ikoninformatika.hu\/en\/category\/uncategorized\/\">Uncategorized<\/a><\/span>          \r\n          <div class=\"post-header\">\r\n            <h3 class=\"title\"><a href=\"https:\/\/ikoninformatika.hu\/en\/egy-erp-bevezetes-megterulese-mikor-es-hogyan-hoz-valodi-hasznot\/\"> ERP Implementation ROI: When and How It Delivers Real Business Value<\/a><\/h3>\r\n          <\/div>\r\n          \r\n          <div class=\"excerpt\">Egy ERP bevezet\u00e9se ritk\u00e1n indul \u00fagy, hogy a vezet\u0151s\u00e9g h\u00e1trad\u0151l, \u00e9s azt mondja: \u201eEz majd&hellip;<\/div><div class=\"grav-wrap\"><a href=\"https:\/\/ikoninformatika.hu\/en\/author\/milan\/\"><img alt='Sz\u0171cs Mil\u00e1n' src='https:\/\/ikoninformatika.hu\/wp-content\/litespeed\/avatar\/b4799b849f9b70c97edb0c4b45ca949f.jpg?ver=1776895803' srcset='https:\/\/ikoninformatika.hu\/wp-content\/litespeed\/avatar\/52644669b2dd0eb9afee6544a29da238.jpg?ver=1776895803 2x' class='avatar avatar-70 photo' height='70' width='70' \/><\/a><div class=\"text\"><a href=\"https:\/\/ikoninformatika.hu\/en\/author\/milan\/\" rel=\"author\">Mil\u00e1n Sz\u0171cs<\/a><span>2026-01-14<\/span><\/div><\/div>        <\/div>\r\n      <\/div>\r\n    <\/div>\r\n  <\/div>\r\n<\/article>    \r\n    <\/div><!--\/posts container-->\r\n    \r\n    <div id=\"pagination\" data-is-text=\"All items loaded\"><span aria-current=\"page\" class=\"page-numbers current\">1<\/span>\n<a class=\"page-numbers\" href=\"https:\/\/ikoninformatika.hu\/en\/wp-json\/wp\/v2\/pages\/7740\/page\/2\/\">2<\/a>\n<a class=\"page-numbers\" href=\"https:\/\/ikoninformatika.hu\/en\/wp-json\/wp\/v2\/pages\/7740\/page\/3\/\">3<\/a>\n<span class=\"page-numbers dots\">&hellip;<\/span>\n<a class=\"page-numbers\" href=\"https:\/\/ikoninformatika.hu\/en\/wp-json\/wp\/v2\/pages\/7740\/page\/7\/\">7<\/a>\n<a class=\"next page-numbers\" href=\"https:\/\/ikoninformatika.hu\/en\/wp-json\/wp\/v2\/pages\/7740\/page\/2\/\">Next &raquo;<\/a><\/div>  \r\n<\/div><!--\/post area-->\r\n\r\n  \r\n\r\n<\/div>\r\n\r\n\n\t\t\t<\/div> \n\t\t<\/div>\n\t<\/div> \n\n\t<div  class=\"vc_col-sm-3 wpb_column column_container vc_column_container col no-extra-padding inherit_tablet inherit_phone\"  data-padding-pos=\"all\" data-has-bg-color=\"false\" data-bg-color=\"\" data-bg-opacity=\"1\" data-animation=\"\" data-delay=\"0\" >\n\t\t<div class=\"vc_column-inner\" >\n\t\t\t<div class=\"wpb_wrapper\">\n\t\t\t\t\r\n<div class=\"wpb_text_column wpb_content_element\" >\r\n\t<div class=\"wpb_wrapper\">\r\n\t\t<h3>Kiemelt cikkek<\/h3>\n\t<\/div>\r\n<\/div>\r\n\r\n\r\n\r\n<div class=\"divider-wrap\" data-alignment=\"default\"><div style=\"margin-top: 12.5px; width: 20%px; height: 1px; margin-bottom: 12.5px;\" data-width=\"20%\" data-animate=\"\" data-animation-delay=\"\" data-color=\"default\" class=\"divider-small-border\"><\/div><\/div>\r\n    <div class=\"row blog-recent columns-1\" data-style=\"minimal\" data-color-scheme=\"light\" data-remove-post-date=\"1\" data-remove-post-author=\"1\" data-remove-post-comment-number=\"1\" data-remove-post-nectar-love=\"1\">\r\n\r\n      \r\n      <div class=\"col span_12 post-7926 post type-post status-publish format-standard has-post-thumbnail category-apple tag-apple tag-mac tag-mac-mini tag-macintosh tag-macos\" >\r\n\r\n        \r\n            <a href=\"https:\/\/ikoninformatika.hu\/en\/mennyire-fiatalos-marka-az-apple\/\" aria-label=\"How \u201eyoung\u201d is Apple\u00ae?\"><\/a>\r\n            <div class=\"post-header\">\r\n              <span class=\"meta\"> <span> 2023-03-30<\/span> in <a href=\"https:\/\/ikoninformatika.hu\/en\/category\/apple\/\">Apple B2B Solutions<\/a> <\/span>\r\n              <h3 class=\"title\">How \u201eyoung\u201d is Apple\u00ae?<\/h3>\r\n            <\/div>\r\n            <div class=\"excerpt\">A fiatalok Macet \u00e9s Apple eszk\u00f6z\u00f6ket haszn\u00e1lnak Az iPhone-, az iPad- \u00e9s f\u0151k\u00e9ppen a Mac-haszn\u00e1l\u00f3k meglep\u0151en fiatalok. A Consumer Intelligence Research Partners felm\u00e9r\u00e9se arra jutott, hogy ezen term\u00e9kek tulajdonosainak nagyj\u00e1b\u00f3l&hellip;<\/div>            <span>Read More <i class=\"icon-button-arrow\"><\/i><\/span>\r\n\r\n          \r\n      <\/div><!--\/col-->\r\n\r\n      \r\n      <div class=\"col span_12 post-7736 post type-post status-publish format-standard has-post-thumbnail category-apple tag-apple tag-big-little tag-cpu tag-intel tag-m1 tag-m2 tag-mac tag-macbook tag-macintosh tag-macmini tag-macos tag-processzor tag-silicon\" >\r\n\r\n        \r\n            <a href=\"https:\/\/ikoninformatika.hu\/en\/apple-silicon\/\" aria-label=\"Apple Silicon, the revolution of corporate workstations\"><\/a>\r\n            <div class=\"post-header\">\r\n              <span class=\"meta\"> <span> 2022-11-22<\/span> in <a href=\"https:\/\/ikoninformatika.hu\/en\/category\/apple\/\">Apple B2B Solutions<\/a> <\/span>\r\n              <h3 class=\"title\">Apple Silicon, the revolution of corporate workstations<\/h3>\r\n            <\/div>\r\n            <div class=\"excerpt\">Megn\u00e9zz\u00fck, hogy az Apple Silicon mi\u00e9rt a j\u00f6v\u0151 technol\u00f3gi\u00e1ja, ami m\u00e1r most a rendelkez\u00e9s\u00fcnkre \u00e1ll, r\u00e1ad\u00e1sul kompromisszumok n\u00e9lk\u00fcl.<\/div>            <span>Read More <i class=\"icon-button-arrow\"><\/i><\/span>\r\n\r\n          \r\n      <\/div><!--\/col-->\r\n\r\n      \r\n      <div class=\"col span_12 post-7782 post type-post status-publish format-standard has-post-thumbnail category-apple tag-apple tag-ar tag-mac tag-mac-mini tag-macintosh tag-macos\" >\r\n\r\n        \r\n            <a href=\"https:\/\/ikoninformatika.hu\/en\/mi-az-apple-eszkozok-erteke\/\" aria-label=\"What is the value of Apple products?\"><\/a>\r\n            <div class=\"post-header\">\r\n              <span class=\"meta\"> <span> 2022-12-08<\/span> in <a href=\"https:\/\/ikoninformatika.hu\/en\/category\/apple\/\">Apple B2B Solutions<\/a> <\/span>\r\n              <h3 class=\"title\">What is the value of Apple products?<\/h3>\r\n            <\/div>\r\n            <div class=\"excerpt\">Az Apple term\u00e9kei kapcs\u00e1n megk\u00fcl\u00f6nb\u00f6ztetett hangs\u00fallyal szokt\u00e1k felemlegetni a min\u0151s\u00e9g \u00e1r\u00e1t. A leggyakrabban el\u0151fordul\u00f3 fogalmakat sz\u00fcks\u00e9ges tiszt\u00e1ba tenni.<\/div>            <span>Read More <i class=\"icon-button-arrow\"><\/i><\/span>\r\n\r\n          \r\n      <\/div><!--\/col-->\r\n\r\n      \r\n      <div class=\"col span_12 post-7944 post type-post status-publish format-standard has-post-thumbnail category-apple tag-apple tag-mac tag-mac-mini tag-macintosh tag-macos\" >\r\n\r\n        \r\n            <a href=\"https:\/\/ikoninformatika.hu\/en\/mac-mint-munkaeszkoz-a-maccisco-projekt-sikerenek-tanulsagai\/\" aria-label=\"Macs as workstations? The benefits of \u201cplatform of choice\u201d and the key that made the Mac@Cisco project a success\"><\/a>\r\n            <div class=\"post-header\">\r\n              <span class=\"meta\"> <span> 2023-01-14<\/span> in <a href=\"https:\/\/ikoninformatika.hu\/en\/category\/apple\/\">Apple B2B Solutions<\/a> <\/span>\r\n              <h3 class=\"title\">Macs as workstations? The benefits of \u201cplatform of choice\u201d and the key that made the Mac@Cisco project a success<\/h3>\r\n            <\/div>\r\n            <div class=\"excerpt\">A v\u00e1llalati Mac-felhaszn\u00e1l\u00f3k n\u00e9h\u00e1ny c\u00e9gn\u00e9l m\u00e9g mindig sz\u00e1mos kellemetlens\u00e9ggel szembes\u00fclnek, ha Macen k\u00edv\u00e1nnak dolgozni, mivel a legt\u00f6bb IT-r\u00e9szleg nincs felk\u00e9sz\u00fclve arra, hogy ezeket az eszk\u00f6z\u00f6ket megfelel\u0151en t\u00e1mogassa. A Macen dolgoz\u00f3k&hellip;<\/div>            <span>Read More <i class=\"icon-button-arrow\"><\/i><\/span>\r\n\r\n          \r\n      <\/div><!--\/col-->\r\n\r\n      \r\n    <\/div><!--\/blog-recent-->\r\n\r\n  \n\t\t\t<\/div> \n\t\t<\/div>\n\t<\/div> \n<\/div><\/div>","protected":false},"excerpt":{"rendered":"A v\u00e1llalati Mac-felhaszn\u00e1l\u00f3k n\u00e9h\u00e1ny c\u00e9gn\u00e9l m\u00e9g mindig sz\u00e1mos kellemetlens\u00e9ggel szembes\u00fclnek, ha Macen k\u00edv\u00e1nnak dolgozni, mivel a legt\u00f6bb IT-r\u00e9szleg nincs felk\u00e9sz\u00fclve arra, hogy ezeket az eszk\u00f6z\u00f6ket megfelel\u0151en t\u00e1mogassa. A Macen dolgoz\u00f3k...","protected":false},"author":1,"featured_media":0,"parent":0,"menu_order":0,"comment_status":"closed","ping_status":"closed","template":"","meta":{"footnotes":""},"class_list":["post-7740","page","type-page","status-publish"],"aioseo_notices":[],"jetpack_sharing_enabled":true,"_links":{"self":[{"href":"https:\/\/ikoninformatika.hu\/en\/wp-json\/wp\/v2\/pages\/7740","targetHints":{"allow":["GET"]}}],"collection":[{"href":"https:\/\/ikoninformatika.hu\/en\/wp-json\/wp\/v2\/pages"}],"about":[{"href":"https:\/\/ikoninformatika.hu\/en\/wp-json\/wp\/v2\/types\/page"}],"author":[{"embeddable":true,"href":"https:\/\/ikoninformatika.hu\/en\/wp-json\/wp\/v2\/users\/1"}],"replies":[{"embeddable":true,"href":"https:\/\/ikoninformatika.hu\/en\/wp-json\/wp\/v2\/comments?post=7740"}],"version-history":[{"count":40,"href":"https:\/\/ikoninformatika.hu\/en\/wp-json\/wp\/v2\/pages\/7740\/revisions"}],"predecessor-version":[{"id":10167,"href":"https:\/\/ikoninformatika.hu\/en\/wp-json\/wp\/v2\/pages\/7740\/revisions\/10167"}],"wp:attachment":[{"href":"https:\/\/ikoninformatika.hu\/en\/wp-json\/wp\/v2\/media?parent=7740"}],"curies":[{"name":"wp","href":"https:\/\/api.w.org\/{rel}","templated":true}]}}